{"version":"1.0","provider_name":"Schweizerische Gesellschaft f\u00fcr Radiologie","provider_url":"https:\/\/sgr-ssr.ch\/fr\/","author_name":"rosalie","author_url":"https:\/\/sgr-ssr.ch\/fr\/author\/rosalie\/","title":"Glaukom und Alzheimer: Zwei Seiten einer Erkrankung - Schweizerische Gesellschaft f\u00fcr Radiologie","type":"rich","width":600,"height":338,"html":"<blockquote class=\"wp-embedded-content\" data-secret=\"egdSG5EKRS\"><a href=\"https:\/\/sgr-ssr.ch\/fr\/events\/glaukom-und-alzheimer-zwei-seiten-einer-erkrankung\/\">Glaukom und Alzheimer: Zwei Seiten einer Erkrankung<\/a><\/blockquote><iframe sandbox=\"allow-scripts\" security=\"restricted\" src=\"https:\/\/sgr-ssr.ch\/fr\/events\/glaukom-und-alzheimer-zwei-seiten-einer-erkrankung\/embed\/#?secret=egdSG5EKRS\" width=\"600\" height=\"338\" title=\"&#8220;Glaukom und Alzheimer: Zwei Seiten einer Erkrankung&#8221; &#8212; Schweizerische Gesellschaft f\u00fcr Radiologie\" data-secret=\"egdSG5EKRS\" frameborder=\"0\" marginwidth=\"0\" marginheight=\"0\" scrolling=\"no\" class=\"wp-embedded-content\"><\/iframe><script type=\"text\/javascript\">\n\/* <![CDATA[ *\/\n\/*! This file is auto-generated *\/\n!function(d,l){\"use strict\";l.querySelector&&d.addEventListener&&\"undefined\"!=typeof URL&&(d.wp=d.wp||{},d.wp.receiveEmbedMessage||(d.wp.receiveEmbedMessage=function(e){var t=e.data;if((t||t.secret||t.message||t.value)&&!\/[^a-zA-Z0-9]\/.test(t.secret)){for(var s,r,n,a=l.querySelectorAll('iframe[data-secret=\"'+t.secret+'\"]'),o=l.querySelectorAll('blockquote[data-secret=\"'+t.secret+'\"]'),c=new RegExp(\"^https?:$\",\"i\"),i=0;i<o.length;i++)o[i].style.display=\"none\";for(i=0;i<a.length;i++)s=a[i],e.source===s.contentWindow&&(s.removeAttribute(\"style\"),\"height\"===t.message?(1e3<(r=parseInt(t.value,10))?r=1e3:~~r<200&&(r=200),s.height=r):\"link\"===t.message&&(r=new URL(s.getAttribute(\"src\")),n=new URL(t.value),c.test(n.protocol))&&n.host===r.host&&l.activeElement===s&&(d.top.location.href=t.value))}},d.addEventListener(\"message\",d.wp.receiveEmbedMessage,!1),l.addEventListener(\"DOMContentLoaded\",function(){for(var e,t,s=l.querySelectorAll(\"iframe.wp-embedded-content\"),r=0;r<s.length;r++)(t=(e=s[r]).getAttribute(\"data-secret\"))||(t=Math.random().toString(36).substring(2,12),e.src+=\"#?secret=\"+t,e.setAttribute(\"data-secret\",t)),e.contentWindow.postMessage({message:\"ready\",secret:t},\"*\")},!1)))}(window,document);\n\/\/# sourceURL=https:\/\/sgr-ssr.ch\/wp-includes\/js\/wp-embed.min.js\n\/* ]]> *\/\n<\/script>\n","thumbnail_url":null,"thumbnail_width":null,"thumbnail_height":null,"description":"Die Fortbildung \u00abGlaukom und Alzheimer: Zwei Seiten einer Erkrankung\u00bb findet am 2. Juli 2026 um 17:00 Uhr in Z\u00fcrich Enge statt. Nach der Begr\u00fcssung und Einf\u00fchrung pr\u00e4sentiert Prof. Dr. med. H. E. Killer aktuelle Erkenntnisse zu Diagnostik und Therapie sowie die neurologischen Zusammenh\u00e4nge anhand von Fallbeispielen. Im Anschluss folgt eine Fragerunde sowie ein Ap\u00e9ro. &nbsp; [&hellip;]"}