{"version":"1.0","provider_name":"Schweizerische Gesellschaft f\u00fcr Radiologie","provider_url":"https:\/\/sgr-ssr.ch\/fr\/","author_name":"sgr-ssr","author_url":"https:\/\/sgr-ssr.ch\/fr\/author\/sgr-ssr\/","title":"S\u00e9minaire R\u00e9sonance Affidea-Suisse 2026 - 7\u00e8me \u00e9dition - Pieds et Cheville - Schweizerische Gesellschaft f\u00fcr Radiologie","type":"rich","width":600,"height":338,"html":"<blockquote class=\"wp-embedded-content\" data-secret=\"Zhc9ycHmUK\"><a href=\"https:\/\/sgr-ssr.ch\/fr\/events\/seminaire-resonance-affidea-suisse-2026-7eme-edition\/\">S\u00e9minaire R\u00e9sonance Affidea-Suisse 2026 &#8211; 7\u00e8me \u00e9dition &#8211; Pieds et Cheville<\/a><\/blockquote><iframe sandbox=\"allow-scripts\" security=\"restricted\" src=\"https:\/\/sgr-ssr.ch\/fr\/events\/seminaire-resonance-affidea-suisse-2026-7eme-edition\/embed\/#?secret=Zhc9ycHmUK\" width=\"600\" height=\"338\" title=\"&#8220;S\u00e9minaire R\u00e9sonance Affidea-Suisse 2026 &#8211; 7\u00e8me \u00e9dition &#8211; Pieds et Cheville&#8221; &#8212; Schweizerische Gesellschaft f\u00fcr Radiologie\" data-secret=\"Zhc9ycHmUK\" frameborder=\"0\" marginwidth=\"0\" marginheight=\"0\" scrolling=\"no\" class=\"wp-embedded-content\"><\/iframe><script type=\"text\/javascript\">\n\/* <![CDATA[ *\/\n\/*! This file is auto-generated *\/\n!function(d,l){\"use strict\";l.querySelector&&d.addEventListener&&\"undefined\"!=typeof URL&&(d.wp=d.wp||{},d.wp.receiveEmbedMessage||(d.wp.receiveEmbedMessage=function(e){var t=e.data;if((t||t.secret||t.message||t.value)&&!\/[^a-zA-Z0-9]\/.test(t.secret)){for(var s,r,n,a=l.querySelectorAll('iframe[data-secret=\"'+t.secret+'\"]'),o=l.querySelectorAll('blockquote[data-secret=\"'+t.secret+'\"]'),c=new RegExp(\"^https?:$\",\"i\"),i=0;i<o.length;i++)o[i].style.display=\"none\";for(i=0;i<a.length;i++)s=a[i],e.source===s.contentWindow&&(s.removeAttribute(\"style\"),\"height\"===t.message?(1e3<(r=parseInt(t.value,10))?r=1e3:~~r<200&&(r=200),s.height=r):\"link\"===t.message&&(r=new URL(s.getAttribute(\"src\")),n=new URL(t.value),c.test(n.protocol))&&n.host===r.host&&l.activeElement===s&&(d.top.location.href=t.value))}},d.addEventListener(\"message\",d.wp.receiveEmbedMessage,!1),l.addEventListener(\"DOMContentLoaded\",function(){for(var e,t,s=l.querySelectorAll(\"iframe.wp-embedded-content\"),r=0;r<s.length;r++)(t=(e=s[r]).getAttribute(\"data-secret\"))||(t=Math.random().toString(36).substring(2,12),e.src+=\"#?secret=\"+t,e.setAttribute(\"data-secret\",t)),e.contentWindow.postMessage({message:\"ready\",secret:t},\"*\")},!1)))}(window,document);\n\/\/# sourceURL=https:\/\/sgr-ssr.ch\/wp-includes\/js\/wp-embed.min.js\n\/* ]]> *\/\n<\/script>\n","thumbnail_url":null,"thumbnail_width":null,"thumbnail_height":null,"description":"S\u00e9minaire R\u00e9sonance Affidea-Suisse 2026 Congr\u00e8s m\u00e9dical sur l&rsquo;imagerie ost\u00e9oarticulaire \u2013 Gen\u00e8ve Nouveaut\u00e9 : un format r\u00e9solument pratique avec ateliers \u00e9chographie et IRM Ce 7\u1d49 s\u00e9minaire sera consacr\u00e9\u00a0au\u00a0pied et \u00e0 la cheville, un des motifs de consultation les plus fr\u00e9quents en pathologie ost\u00e9oarticulaire et qui requiert des connaissances sp\u00e9cifiques. Con\u00e7u comme un rendez-vous multidisciplinaire r\u00e9unissant l\u2019ensemble [&hellip;]"}