{"version":"1.0","provider_name":"Schweizerische Gesellschaft f\u00fcr Radiologie","provider_url":"https:\/\/sgr-ssr.ch\/fr\/","author_name":"sgr-ssr","author_url":"https:\/\/sgr-ssr.ch\/fr\/author\/sgr-ssr\/","title":"S\u00fcd- und Mitteldeutscher R\u00f6ntgenkongress - Schweizerische Gesellschaft f\u00fcr Radiologie","type":"rich","width":600,"height":338,"html":"<blockquote class=\"wp-embedded-content\" data-secret=\"fh2Pwrasha\"><a href=\"https:\/\/sgr-ssr.ch\/fr\/events\/sued-und-mitteldeutscher-roentgenkongress\/\">S\u00fcd- und Mitteldeutscher R\u00f6ntgenkongress<\/a><\/blockquote><iframe sandbox=\"allow-scripts\" security=\"restricted\" src=\"https:\/\/sgr-ssr.ch\/fr\/events\/sued-und-mitteldeutscher-roentgenkongress\/embed\/#?secret=fh2Pwrasha\" width=\"600\" height=\"338\" title=\"&#8220;S\u00fcd- und Mitteldeutscher R\u00f6ntgenkongress&#8221; &#8212; Schweizerische Gesellschaft f\u00fcr Radiologie\" data-secret=\"fh2Pwrasha\" frameborder=\"0\" marginwidth=\"0\" marginheight=\"0\" scrolling=\"no\" class=\"wp-embedded-content\"><\/iframe><script type=\"text\/javascript\">\n\/* <![CDATA[ *\/\n\/*! This file is auto-generated *\/\n!function(d,l){\"use strict\";l.querySelector&&d.addEventListener&&\"undefined\"!=typeof URL&&(d.wp=d.wp||{},d.wp.receiveEmbedMessage||(d.wp.receiveEmbedMessage=function(e){var t=e.data;if((t||t.secret||t.message||t.value)&&!\/[^a-zA-Z0-9]\/.test(t.secret)){for(var s,r,n,a=l.querySelectorAll('iframe[data-secret=\"'+t.secret+'\"]'),o=l.querySelectorAll('blockquote[data-secret=\"'+t.secret+'\"]'),c=new RegExp(\"^https?:$\",\"i\"),i=0;i<o.length;i++)o[i].style.display=\"none\";for(i=0;i<a.length;i++)s=a[i],e.source===s.contentWindow&&(s.removeAttribute(\"style\"),\"height\"===t.message?(1e3<(r=parseInt(t.value,10))?r=1e3:~~r<200&&(r=200),s.height=r):\"link\"===t.message&&(r=new URL(s.getAttribute(\"src\")),n=new URL(t.value),c.test(n.protocol))&&n.host===r.host&&l.activeElement===s&&(d.top.location.href=t.value))}},d.addEventListener(\"message\",d.wp.receiveEmbedMessage,!1),l.addEventListener(\"DOMContentLoaded\",function(){for(var e,t,s=l.querySelectorAll(\"iframe.wp-embedded-content\"),r=0;r<s.length;r++)(t=(e=s[r]).getAttribute(\"data-secret\"))||(t=Math.random().toString(36).substring(2,12),e.src+=\"#?secret=\"+t,e.setAttribute(\"data-secret\",t)),e.contentWindow.postMessage({message:\"ready\",secret:t},\"*\")},!1)))}(window,document);\n\/\/# sourceURL=https:\/\/sgr-ssr.ch\/wp-includes\/js\/wp-embed.min.js\n\/* ]]> *\/\n<\/script>\n","thumbnail_url":null,"thumbnail_width":null,"thumbnail_height":null,"description":"S\u00fcd- und Mitteldeutscher R\u00f6ntgenkongress Gemeinsame Jahrestagung der Bayerischen R\u00f6ntgengesellschaft e.V., S\u00e4chsischen Radiologischen Gesellschaft e.V. und Th\u00fcringischen Gesellschaft f\u00fcr Radiologie und Nuklearmedizin e.V. Tagungsleitung Prof. Dr. med. Martin Freesmeyer Chefarzt der Klinik f\u00fcr Nuklearmedizin am Universit\u00e4tsklinikum Jena Dr. med. Holger G\u00f6\u00dfmann Stellvertretender Direktor der Klinik und Poliklinik f\u00fcr Diagnostische und Interventionelle Radiologie am Universit\u00e4tsklinikum Leipzig Prof. [&hellip;]"}