{"id":19215,"date":"2026-01-29T09:09:46","date_gmt":"2026-01-29T09:09:46","guid":{"rendered":"https:\/\/sgr-ssr.ch\/events\/sued-und-mitteldeutscher-roentgenkongress\/"},"modified":"2026-01-29T09:18:16","modified_gmt":"2026-01-29T09:18:16","slug":"sued-und-mitteldeutscher-roentgenkongress","status":"publish","type":"ajde_events","link":"https:\/\/sgr-ssr.ch\/fr\/events\/sued-und-mitteldeutscher-roentgenkongress\/","title":{"rendered":"S\u00fcd- und Mitteldeutscher R\u00f6ntgenkongress"},"content":{"rendered":"<p>S\u00fcd- und Mitteldeutscher R\u00f6ntgenkongress<br \/>\nGemeinsame Jahrestagung der Bayerischen R\u00f6ntgengesellschaft e.V., S\u00e4chsischen Radiologischen Gesellschaft e.V. und Th\u00fcringischen Gesellschaft f\u00fcr Radiologie und Nuklearmedizin e.V.<\/p>\n<p>Tagungsleitung<br \/>\nProf. Dr. med. Martin Freesmeyer<br \/>\nChefarzt der Klinik f\u00fcr Nuklearmedizin am Universit\u00e4tsklinikum Jena<\/p>\n<p>Dr. med. Holger G\u00f6\u00dfmann<br \/>\nStellvertretender Direktor der Klinik und Poliklinik f\u00fcr Diagnostische und Interventionelle Radiologie am Universit\u00e4tsklinikum Leipzig<\/p>\n<p>Prof. Dr. med. Boris Radeleff<br \/>\nChefarzt der Diagnostischen und Interventionellen Radiologie im Sana Klinikum Hof<\/p>\n<p>Freiheitshalle Hof<br \/>\nKulmbacher Str. 4<br \/>\n95030 &#8211; Hof<\/p>\n<p><a href=\"https:\/\/roentgenkongress-sued-mitte.de\/\">Webseite<\/a><\/p>\n<p><a href=\"mailto:roentgenkongress-sued-mitte@conventus.de\">Kontakt<\/a><\/p>\n","protected":false},"author":2,"featured_media":-1,"menu_order":0,"comment_status":"open","ping_status":"closed","template":"","meta":{"_acf_changed":false,"_et_pb_use_builder":"","_et_pb_old_content":"","_et_gb_content_width":"","inline_featured_image":false},"tags":[],"event_type":[],"event_type_2":[],"class_list":["post-19215","ajde_events","type-ajde_events","status-publish","has-post-thumbnail","hentry","event_location-freiheitshalle-hof","event_organizer-sued-und-mitteldeutscher-roentgenkongress"],"acf":[],"yoast_head":"<!-- This site is optimized with the Yoast SEO plugin v27.5 - https:\/\/yoast.com\/product\/yoast-seo-wordpress\/ -->\n<title>S\u00fcd- und Mitteldeutscher R\u00f6ntgenkongress - Schweizerische Gesellschaft f\u00fcr Radiologie<\/title>\n<meta name=\"robots\" content=\"index, follow, max-snippet:-1, max-image-preview:large, max-video-preview:-1\" \/>\n<link rel=\"canonical\" href=\"https:\/\/sgr-ssr.ch\/fr\/events\/sued-und-mitteldeutscher-roentgenkongress\/\" \/>\n<meta property=\"og:locale\" content=\"fr_FR\" \/>\n<meta property=\"og:type\" content=\"article\" \/>\n<meta property=\"og:title\" content=\"S\u00fcd- und Mitteldeutscher R\u00f6ntgenkongress - Schweizerische Gesellschaft f\u00fcr Radiologie\" \/>\n<meta property=\"og:description\" content=\"S\u00fcd- und Mitteldeutscher R\u00f6ntgenkongress Gemeinsame Jahrestagung der Bayerischen R\u00f6ntgengesellschaft e.V., S\u00e4chsischen Radiologischen Gesellschaft e.V. und Th\u00fcringischen Gesellschaft f\u00fcr Radiologie und Nuklearmedizin e.V. Tagungsleitung Prof. Dr. med. Martin Freesmeyer Chefarzt der Klinik f\u00fcr Nuklearmedizin am Universit\u00e4tsklinikum Jena Dr. med. Holger G\u00f6\u00dfmann Stellvertretender Direktor der Klinik und Poliklinik f\u00fcr Diagnostische und Interventionelle Radiologie am Universit\u00e4tsklinikum Leipzig Prof. [&hellip;]\" \/>\n<meta property=\"og:url\" content=\"https:\/\/sgr-ssr.ch\/fr\/events\/sued-und-mitteldeutscher-roentgenkongress\/\" \/>\n<meta property=\"og:site_name\" content=\"Schweizerische Gesellschaft f\u00fcr Radiologie\" \/>\n<meta property=\"article:modified_time\" content=\"2026-01-29T09:18:16+00:00\" \/>\n<meta name=\"twitter:card\" content=\"summary_large_image\" \/>\n<script type=\"application\/ld+json\" class=\"yoast-schema-graph\">{\"@context\":\"https:\\\/\\\/schema.org\",\"@graph\":[{\"@type\":\"WebPage\",\"@id\":\"https:\\\/\\\/sgr-ssr.ch\\\/fr\\\/events\\\/sued-und-mitteldeutscher-roentgenkongress\\\/\",\"url\":\"https:\\\/\\\/sgr-ssr.ch\\\/fr\\\/events\\\/sued-und-mitteldeutscher-roentgenkongress\\\/\",\"name\":\"S\u00fcd- und Mitteldeutscher R\u00f6ntgenkongress - Schweizerische Gesellschaft f\u00fcr Radiologie\",\"isPartOf\":{\"@id\":\"https:\\\/\\\/sgr-ssr.ch\\\/#website\"},\"datePublished\":\"2026-01-29T09:09:46+00:00\",\"dateModified\":\"2026-01-29T09:18:16+00:00\",\"breadcrumb\":{\"@id\":\"https:\\\/\\\/sgr-ssr.ch\\\/fr\\\/events\\\/sued-und-mitteldeutscher-roentgenkongress\\\/#breadcrumb\"},\"inLanguage\":\"fr-FR\",\"potentialAction\":[{\"@type\":\"ReadAction\",\"target\":[\"https:\\\/\\\/sgr-ssr.ch\\\/fr\\\/events\\\/sued-und-mitteldeutscher-roentgenkongress\\\/\"]}]},{\"@type\":\"BreadcrumbList\",\"@id\":\"https:\\\/\\\/sgr-ssr.ch\\\/fr\\\/events\\\/sued-und-mitteldeutscher-roentgenkongress\\\/#breadcrumb\",\"itemListElement\":[{\"@type\":\"ListItem\",\"position\":1,\"name\":\"Home\",\"item\":\"https:\\\/\\\/sgr-ssr.ch\\\/fr\\\/\"},{\"@type\":\"ListItem\",\"position\":2,\"name\":\"Events\",\"item\":\"https:\\\/\\\/sgr-ssr.ch\\\/fr\\\/events\\\/\"},{\"@type\":\"ListItem\",\"position\":3,\"name\":\"S\u00fcd- und Mitteldeutscher R\u00f6ntgenkongress\"}]},{\"@type\":\"WebSite\",\"@id\":\"https:\\\/\\\/sgr-ssr.ch\\\/#website\",\"url\":\"https:\\\/\\\/sgr-ssr.ch\\\/\",\"name\":\"Schweizerische Gesellschaft f\u00fcr Radiologie\",\"description\":\"Just another WordPress site\",\"potentialAction\":[{\"@type\":\"SearchAction\",\"target\":{\"@type\":\"EntryPoint\",\"urlTemplate\":\"https:\\\/\\\/sgr-ssr.ch\\\/?s={search_term_string}\"},\"query-input\":{\"@type\":\"PropertyValueSpecification\",\"valueRequired\":true,\"valueName\":\"search_term_string\"}}],\"inLanguage\":\"fr-FR\"}]}<\/script>\n<!-- \/ Yoast SEO plugin. -->","yoast_head_json":{"title":"S\u00fcd- und Mitteldeutscher R\u00f6ntgenkongress - Schweizerische Gesellschaft f\u00fcr Radiologie","robots":{"index":"index","follow":"follow","max-snippet":"max-snippet:-1","max-image-preview":"max-image-preview:large","max-video-preview":"max-video-preview:-1"},"canonical":"https:\/\/sgr-ssr.ch\/fr\/events\/sued-und-mitteldeutscher-roentgenkongress\/","og_locale":"fr_FR","og_type":"article","og_title":"S\u00fcd- und Mitteldeutscher R\u00f6ntgenkongress - Schweizerische Gesellschaft f\u00fcr Radiologie","og_description":"S\u00fcd- und Mitteldeutscher R\u00f6ntgenkongress Gemeinsame Jahrestagung der Bayerischen R\u00f6ntgengesellschaft e.V., S\u00e4chsischen Radiologischen Gesellschaft e.V. und Th\u00fcringischen Gesellschaft f\u00fcr Radiologie und Nuklearmedizin e.V. Tagungsleitung Prof. Dr. med. Martin Freesmeyer Chefarzt der Klinik f\u00fcr Nuklearmedizin am Universit\u00e4tsklinikum Jena Dr. med. Holger G\u00f6\u00dfmann Stellvertretender Direktor der Klinik und Poliklinik f\u00fcr Diagnostische und Interventionelle Radiologie am Universit\u00e4tsklinikum Leipzig Prof. [&hellip;]","og_url":"https:\/\/sgr-ssr.ch\/fr\/events\/sued-und-mitteldeutscher-roentgenkongress\/","og_site_name":"Schweizerische Gesellschaft f\u00fcr Radiologie","article_modified_time":"2026-01-29T09:18:16+00:00","twitter_card":"summary_large_image","schema":{"@context":"https:\/\/schema.org","@graph":[{"@type":"WebPage","@id":"https:\/\/sgr-ssr.ch\/fr\/events\/sued-und-mitteldeutscher-roentgenkongress\/","url":"https:\/\/sgr-ssr.ch\/fr\/events\/sued-und-mitteldeutscher-roentgenkongress\/","name":"S\u00fcd- und Mitteldeutscher R\u00f6ntgenkongress - Schweizerische Gesellschaft f\u00fcr Radiologie","isPartOf":{"@id":"https:\/\/sgr-ssr.ch\/#website"},"datePublished":"2026-01-29T09:09:46+00:00","dateModified":"2026-01-29T09:18:16+00:00","breadcrumb":{"@id":"https:\/\/sgr-ssr.ch\/fr\/events\/sued-und-mitteldeutscher-roentgenkongress\/#breadcrumb"},"inLanguage":"fr-FR","potentialAction":[{"@type":"ReadAction","target":["https:\/\/sgr-ssr.ch\/fr\/events\/sued-und-mitteldeutscher-roentgenkongress\/"]}]},{"@type":"BreadcrumbList","@id":"https:\/\/sgr-ssr.ch\/fr\/events\/sued-und-mitteldeutscher-roentgenkongress\/#breadcrumb","itemListElement":[{"@type":"ListItem","position":1,"name":"Home","item":"https:\/\/sgr-ssr.ch\/fr\/"},{"@type":"ListItem","position":2,"name":"Events","item":"https:\/\/sgr-ssr.ch\/fr\/events\/"},{"@type":"ListItem","position":3,"name":"S\u00fcd- und Mitteldeutscher R\u00f6ntgenkongress"}]},{"@type":"WebSite","@id":"https:\/\/sgr-ssr.ch\/#website","url":"https:\/\/sgr-ssr.ch\/","name":"Schweizerische Gesellschaft f\u00fcr Radiologie","description":"Just another WordPress site","potentialAction":[{"@type":"SearchAction","target":{"@type":"EntryPoint","urlTemplate":"https:\/\/sgr-ssr.ch\/?s={search_term_string}"},"query-input":{"@type":"PropertyValueSpecification","valueRequired":true,"valueName":"search_term_string"}}],"inLanguage":"fr-FR"}]}},"_links":{"self":[{"href":"https:\/\/sgr-ssr.ch\/fr\/wp-json\/wp\/v2\/ajde_events\/19215","targetHints":{"allow":["GET"]}}],"collection":[{"href":"https:\/\/sgr-ssr.ch\/fr\/wp-json\/wp\/v2\/ajde_events"}],"about":[{"href":"https:\/\/sgr-ssr.ch\/fr\/wp-json\/wp\/v2\/types\/ajde_events"}],"author":[{"embeddable":true,"href":"https:\/\/sgr-ssr.ch\/fr\/wp-json\/wp\/v2\/users\/2"}],"replies":[{"embeddable":true,"href":"https:\/\/sgr-ssr.ch\/fr\/wp-json\/wp\/v2\/comments?post=19215"}],"wp:featuredmedia":[{"embeddable":true,"href":"https:\/\/sgr-ssr.ch\/fr\/wp-json\/"}],"wp:attachment":[{"href":"https:\/\/sgr-ssr.ch\/fr\/wp-json\/wp\/v2\/media?parent=19215"}],"wp:term":[{"taxonomy":"post_tag","embeddable":true,"href":"https:\/\/sgr-ssr.ch\/fr\/wp-json\/wp\/v2\/tags?post=19215"},{"taxonomy":"event_type","embeddable":true,"href":"https:\/\/sgr-ssr.ch\/fr\/wp-json\/wp\/v2\/event_type?post=19215"},{"taxonomy":"event_type_2","embeddable":true,"href":"https:\/\/sgr-ssr.ch\/fr\/wp-json\/wp\/v2\/event_type_2?post=19215"}],"curies":[{"name":"wp","href":"https:\/\/api.w.org\/{rel}","templated":true}]}}