{"id":19492,"date":"2026-04-07T08:31:54","date_gmt":"2026-04-07T08:31:54","guid":{"rendered":"https:\/\/sgr-ssr.ch\/events\/seminaire-resonance-affidea-suisse-2026-7eme-edition\/"},"modified":"2026-04-07T08:37:50","modified_gmt":"2026-04-07T08:37:50","slug":"seminaire-resonance-affidea-suisse-2026-7eme-edition","status":"publish","type":"ajde_events","link":"https:\/\/sgr-ssr.ch\/fr\/events\/seminaire-resonance-affidea-suisse-2026-7eme-edition\/","title":{"rendered":"S\u00e9minaire R\u00e9sonance Affidea-Suisse 2026 &#8211; 7\u00e8me \u00e9dition &#8211; Pieds et Cheville"},"content":{"rendered":"<h1><strong>S\u00e9minaire R\u00e9sonance Affidea-Suisse 2026<\/strong><\/h1>\n<h2><strong><em>Congr\u00e8s m\u00e9dical sur l&rsquo;imagerie ost\u00e9oarticulaire \u2013 Gen\u00e8ve<\/em><\/strong><\/h2>\n<h2>Nouveaut\u00e9 : un format r\u00e9solument pratique avec ateliers \u00e9chographie et IRM<\/h2>\n<p>Ce 7\u1d49 s\u00e9minaire sera consacr\u00e9\u00a0<strong>au<\/strong>\u00a0<strong>pied et \u00e0 la cheville<\/strong>, un des motifs de consultation les plus fr\u00e9quents en pathologie ost\u00e9oarticulaire et qui requiert des connaissances sp\u00e9cifiques.<\/p>\n<p>Con\u00e7u comme un rendez-vous multidisciplinaire r\u00e9unissant l\u2019ensemble des sp\u00e9cialistes utilisant l\u2019imagerie ost\u00e9oarticulaire, il vise \u00e0 offrir aux participants, toutes sp\u00e9cialit\u00e9s confondues,\u00a0<strong>les moyens d\u2019interpr\u00e9ter les examens d\u2019imagerie et d\u2019apprendre ou de se perfectionner dans la r\u00e9alisation des \u00e9chographies musculosquelettiques.<\/strong><\/p>\n<p>Gr\u00e2ce \u00e0 une approche associant th\u00e9orie et pratique, ce congr\u00e8s permettra d\u2019acqu\u00e9rir des comp\u00e9tences approfondies pour optimiser la prise en charge diagnostique et th\u00e9rapeutique des pathologies du pied et de la cheville.<\/p>\n<p>&nbsp;<\/p>\n<h2><strong>L\u2019organisation du s\u00e9minaire reposera sur deux formats d\u2019intervention compl\u00e9mentaires :<\/strong><\/h2>\n<p><strong>Expos\u00e9s au pupitre<\/strong>\u00a0apportant un \u00e9clairage th\u00e9orique structur\u00e9 sur les pathologies du pied et de la cheville avec mod\u00e9ration conjointe par des cliniciens, des chirurgiens et des radiologues<\/p>\n<p><strong>Ateliers : \u201cDe l\u2019anatomie \u00e0 la pratique\u201d en 3 \u00e9tapes<\/strong><\/p>\n<p>1.\u00a0\u00a0\u00a0\u00a0\u00a0 Introduction des principales pathologies, illustr\u00e9es par des cas cliniques.<\/p>\n<p>2.\u00a0\u00a0\u00a0\u00a0\u00a0 D\u00e9monstrations pratiques sur \u00e9chographe, avec projection simultan\u00e9e de sch\u00e9mas anatomiques et pr\u00e9sentation de cas.<\/p>\n<p>3.\u00a0\u00a0\u00a0\u00a0\u00a0 Choix entre deux activit\u00e9s pratiques simultan\u00e9es :<\/p>\n<ul>\n<li>Prise en main de la sonde d\u2019\u00e9chographie, sous supervision experte.<\/li>\n<li>Lecture et interpr\u00e9tation de dossiers IRM, \u00e9galement supervis\u00e9e.<\/li>\n<\/ul>\n<p>\u27a1\ufe0f\u00a0<em>Les participants s\u00e9lectionneront l\u2019une de ces deux options lors de l\u2019inscription.<\/em><\/p>\n<p>Le format interactif de ce s\u00e9minaire favorisera l\u2019acquisition de comp\u00e9tences pratiques essentielles en IRM et en \u00e9chographie, dans une atmosph\u00e8re \u00e0 la fois professionnelle et conviviale.<\/p>\n<p>&nbsp;<\/p>\n<p>Pr Jean-Denis Laredo<\/p>\n<p>Universit\u00e9 Paris-Cit\u00e9<\/p>\n<p><a href=\"https:\/\/sgr-ssr.ch\/wp-content\/uploads\/2026\/04\/2026-32_Programme-R7-Pied-Cheville-VF.pdf\" target=\"_blank\" rel=\"noopener noreferrer\">Programme<\/a><\/p>\n<p><a href=\"https:\/\/affidea.ch\/fr\/resonance-affidea-suisse-2026\/\" target=\"_blank\" rel=\"noopener noreferrer\">Site Web<\/a><\/p>\n","protected":false},"author":2,"featured_media":-1,"menu_order":0,"comment_status":"open","ping_status":"closed","template":"","meta":{"_acf_changed":false,"_et_pb_use_builder":"","_et_pb_old_content":"","_et_gb_content_width":"","inline_featured_image":false},"tags":[],"event_type":[],"event_type_2":[],"class_list":["post-19492","ajde_events","type-ajde_events","status-publish","has-post-thumbnail","hentry","event_location-hotel-intercontental","event_organizer-affidea"],"acf":[],"yoast_head":"<!-- This site is optimized with the Yoast SEO plugin v27.5 - https:\/\/yoast.com\/product\/yoast-seo-wordpress\/ -->\n<title>S\u00e9minaire R\u00e9sonance Affidea-Suisse 2026 - 7\u00e8me \u00e9dition - Pieds et Cheville - Schweizerische Gesellschaft f\u00fcr Radiologie<\/title>\n<meta name=\"robots\" content=\"index, follow, max-snippet:-1, max-image-preview:large, max-video-preview:-1\" \/>\n<link rel=\"canonical\" href=\"https:\/\/sgr-ssr.ch\/fr\/events\/seminaire-resonance-affidea-suisse-2026-7eme-edition\/\" \/>\n<meta property=\"og:locale\" content=\"fr_FR\" \/>\n<meta property=\"og:type\" content=\"article\" \/>\n<meta property=\"og:title\" content=\"S\u00e9minaire R\u00e9sonance Affidea-Suisse 2026 - 7\u00e8me \u00e9dition - Pieds et Cheville - Schweizerische Gesellschaft f\u00fcr Radiologie\" \/>\n<meta property=\"og:description\" content=\"S\u00e9minaire R\u00e9sonance Affidea-Suisse 2026 Congr\u00e8s m\u00e9dical sur l&rsquo;imagerie ost\u00e9oarticulaire \u2013 Gen\u00e8ve Nouveaut\u00e9 : un format r\u00e9solument pratique avec ateliers \u00e9chographie et IRM Ce 7\u1d49 s\u00e9minaire sera consacr\u00e9\u00a0au\u00a0pied et \u00e0 la cheville, un des motifs de consultation les plus fr\u00e9quents en pathologie ost\u00e9oarticulaire et qui requiert des connaissances sp\u00e9cifiques. Con\u00e7u comme un rendez-vous multidisciplinaire r\u00e9unissant l\u2019ensemble [&hellip;]\" \/>\n<meta property=\"og:url\" content=\"https:\/\/sgr-ssr.ch\/fr\/events\/seminaire-resonance-affidea-suisse-2026-7eme-edition\/\" \/>\n<meta property=\"og:site_name\" content=\"Schweizerische Gesellschaft f\u00fcr Radiologie\" \/>\n<meta property=\"article:modified_time\" content=\"2026-04-07T08:37:50+00:00\" \/>\n<meta name=\"twitter:card\" content=\"summary_large_image\" \/>\n<meta name=\"twitter:label1\" content=\"Est. reading time\" \/>\n\t<meta name=\"twitter:data1\" content=\"2 minutes\" \/>\n<script type=\"application\/ld+json\" class=\"yoast-schema-graph\">{\"@context\":\"https:\\\/\\\/schema.org\",\"@graph\":[{\"@type\":\"WebPage\",\"@id\":\"https:\\\/\\\/sgr-ssr.ch\\\/fr\\\/events\\\/seminaire-resonance-affidea-suisse-2026-7eme-edition\\\/\",\"url\":\"https:\\\/\\\/sgr-ssr.ch\\\/fr\\\/events\\\/seminaire-resonance-affidea-suisse-2026-7eme-edition\\\/\",\"name\":\"S\u00e9minaire R\u00e9sonance Affidea-Suisse 2026 - 7\u00e8me \u00e9dition - Pieds et Cheville - Schweizerische Gesellschaft f\u00fcr Radiologie\",\"isPartOf\":{\"@id\":\"https:\\\/\\\/sgr-ssr.ch\\\/#website\"},\"datePublished\":\"2026-04-07T08:31:54+00:00\",\"dateModified\":\"2026-04-07T08:37:50+00:00\",\"breadcrumb\":{\"@id\":\"https:\\\/\\\/sgr-ssr.ch\\\/fr\\\/events\\\/seminaire-resonance-affidea-suisse-2026-7eme-edition\\\/#breadcrumb\"},\"inLanguage\":\"fr-FR\",\"potentialAction\":[{\"@type\":\"ReadAction\",\"target\":[\"https:\\\/\\\/sgr-ssr.ch\\\/fr\\\/events\\\/seminaire-resonance-affidea-suisse-2026-7eme-edition\\\/\"]}]},{\"@type\":\"BreadcrumbList\",\"@id\":\"https:\\\/\\\/sgr-ssr.ch\\\/fr\\\/events\\\/seminaire-resonance-affidea-suisse-2026-7eme-edition\\\/#breadcrumb\",\"itemListElement\":[{\"@type\":\"ListItem\",\"position\":1,\"name\":\"Home\",\"item\":\"https:\\\/\\\/sgr-ssr.ch\\\/fr\\\/\"},{\"@type\":\"ListItem\",\"position\":2,\"name\":\"Events\",\"item\":\"https:\\\/\\\/sgr-ssr.ch\\\/fr\\\/events\\\/\"},{\"@type\":\"ListItem\",\"position\":3,\"name\":\"S\u00e9minaire R\u00e9sonance Affidea-Suisse 2026 &#8211; 7\u00e8me \u00e9dition &#8211; Pieds et Cheville\"}]},{\"@type\":\"WebSite\",\"@id\":\"https:\\\/\\\/sgr-ssr.ch\\\/#website\",\"url\":\"https:\\\/\\\/sgr-ssr.ch\\\/\",\"name\":\"Schweizerische Gesellschaft f\u00fcr Radiologie\",\"description\":\"Just another WordPress site\",\"potentialAction\":[{\"@type\":\"SearchAction\",\"target\":{\"@type\":\"EntryPoint\",\"urlTemplate\":\"https:\\\/\\\/sgr-ssr.ch\\\/?s={search_term_string}\"},\"query-input\":{\"@type\":\"PropertyValueSpecification\",\"valueRequired\":true,\"valueName\":\"search_term_string\"}}],\"inLanguage\":\"fr-FR\"}]}<\/script>\n<!-- \/ Yoast SEO plugin. -->","yoast_head_json":{"title":"S\u00e9minaire R\u00e9sonance Affidea-Suisse 2026 - 7\u00e8me \u00e9dition - Pieds et Cheville - Schweizerische Gesellschaft f\u00fcr Radiologie","robots":{"index":"index","follow":"follow","max-snippet":"max-snippet:-1","max-image-preview":"max-image-preview:large","max-video-preview":"max-video-preview:-1"},"canonical":"https:\/\/sgr-ssr.ch\/fr\/events\/seminaire-resonance-affidea-suisse-2026-7eme-edition\/","og_locale":"fr_FR","og_type":"article","og_title":"S\u00e9minaire R\u00e9sonance Affidea-Suisse 2026 - 7\u00e8me \u00e9dition - Pieds et Cheville - Schweizerische Gesellschaft f\u00fcr Radiologie","og_description":"S\u00e9minaire R\u00e9sonance Affidea-Suisse 2026 Congr\u00e8s m\u00e9dical sur l&rsquo;imagerie ost\u00e9oarticulaire \u2013 Gen\u00e8ve Nouveaut\u00e9 : un format r\u00e9solument pratique avec ateliers \u00e9chographie et IRM Ce 7\u1d49 s\u00e9minaire sera consacr\u00e9\u00a0au\u00a0pied et \u00e0 la cheville, un des motifs de consultation les plus fr\u00e9quents en pathologie ost\u00e9oarticulaire et qui requiert des connaissances sp\u00e9cifiques. Con\u00e7u comme un rendez-vous multidisciplinaire r\u00e9unissant l\u2019ensemble [&hellip;]","og_url":"https:\/\/sgr-ssr.ch\/fr\/events\/seminaire-resonance-affidea-suisse-2026-7eme-edition\/","og_site_name":"Schweizerische Gesellschaft f\u00fcr Radiologie","article_modified_time":"2026-04-07T08:37:50+00:00","twitter_card":"summary_large_image","twitter_misc":{"Est. reading time":"2 minutes"},"schema":{"@context":"https:\/\/schema.org","@graph":[{"@type":"WebPage","@id":"https:\/\/sgr-ssr.ch\/fr\/events\/seminaire-resonance-affidea-suisse-2026-7eme-edition\/","url":"https:\/\/sgr-ssr.ch\/fr\/events\/seminaire-resonance-affidea-suisse-2026-7eme-edition\/","name":"S\u00e9minaire R\u00e9sonance Affidea-Suisse 2026 - 7\u00e8me \u00e9dition - Pieds et Cheville - Schweizerische Gesellschaft f\u00fcr Radiologie","isPartOf":{"@id":"https:\/\/sgr-ssr.ch\/#website"},"datePublished":"2026-04-07T08:31:54+00:00","dateModified":"2026-04-07T08:37:50+00:00","breadcrumb":{"@id":"https:\/\/sgr-ssr.ch\/fr\/events\/seminaire-resonance-affidea-suisse-2026-7eme-edition\/#breadcrumb"},"inLanguage":"fr-FR","potentialAction":[{"@type":"ReadAction","target":["https:\/\/sgr-ssr.ch\/fr\/events\/seminaire-resonance-affidea-suisse-2026-7eme-edition\/"]}]},{"@type":"BreadcrumbList","@id":"https:\/\/sgr-ssr.ch\/fr\/events\/seminaire-resonance-affidea-suisse-2026-7eme-edition\/#breadcrumb","itemListElement":[{"@type":"ListItem","position":1,"name":"Home","item":"https:\/\/sgr-ssr.ch\/fr\/"},{"@type":"ListItem","position":2,"name":"Events","item":"https:\/\/sgr-ssr.ch\/fr\/events\/"},{"@type":"ListItem","position":3,"name":"S\u00e9minaire R\u00e9sonance Affidea-Suisse 2026 &#8211; 7\u00e8me \u00e9dition &#8211; Pieds et Cheville"}]},{"@type":"WebSite","@id":"https:\/\/sgr-ssr.ch\/#website","url":"https:\/\/sgr-ssr.ch\/","name":"Schweizerische Gesellschaft f\u00fcr Radiologie","description":"Just another WordPress site","potentialAction":[{"@type":"SearchAction","target":{"@type":"EntryPoint","urlTemplate":"https:\/\/sgr-ssr.ch\/?s={search_term_string}"},"query-input":{"@type":"PropertyValueSpecification","valueRequired":true,"valueName":"search_term_string"}}],"inLanguage":"fr-FR"}]}},"_links":{"self":[{"href":"https:\/\/sgr-ssr.ch\/fr\/wp-json\/wp\/v2\/ajde_events\/19492","targetHints":{"allow":["GET"]}}],"collection":[{"href":"https:\/\/sgr-ssr.ch\/fr\/wp-json\/wp\/v2\/ajde_events"}],"about":[{"href":"https:\/\/sgr-ssr.ch\/fr\/wp-json\/wp\/v2\/types\/ajde_events"}],"author":[{"embeddable":true,"href":"https:\/\/sgr-ssr.ch\/fr\/wp-json\/wp\/v2\/users\/2"}],"replies":[{"embeddable":true,"href":"https:\/\/sgr-ssr.ch\/fr\/wp-json\/wp\/v2\/comments?post=19492"}],"wp:featuredmedia":[{"embeddable":true,"href":"https:\/\/sgr-ssr.ch\/fr\/wp-json\/"}],"wp:attachment":[{"href":"https:\/\/sgr-ssr.ch\/fr\/wp-json\/wp\/v2\/media?parent=19492"}],"wp:term":[{"taxonomy":"post_tag","embeddable":true,"href":"https:\/\/sgr-ssr.ch\/fr\/wp-json\/wp\/v2\/tags?post=19492"},{"taxonomy":"event_type","embeddable":true,"href":"https:\/\/sgr-ssr.ch\/fr\/wp-json\/wp\/v2\/event_type?post=19492"},{"taxonomy":"event_type_2","embeddable":true,"href":"https:\/\/sgr-ssr.ch\/fr\/wp-json\/wp\/v2\/event_type_2?post=19492"}],"curies":[{"name":"wp","href":"https:\/\/api.w.org\/{rel}","templated":true}]}}