{"id":19613,"date":"2026-04-15T13:57:05","date_gmt":"2026-04-15T13:57:05","guid":{"rendered":"https:\/\/sgr-ssr.ch\/events\/r3-imaging-2026\/"},"modified":"2026-04-15T14:14:35","modified_gmt":"2026-04-15T14:14:35","slug":"r3-imaging-2026","status":"publish","type":"ajde_events","link":"https:\/\/sgr-ssr.ch\/fr\/events\/r3-imaging-2026\/","title":{"rendered":"R3 Imaging 2026"},"content":{"rendered":"<p>R3 steht f\u00fcr einen kompakten \u00dcberblick \u00fcber die aktuellen Entwicklungen des Fachgebiets Radiologie, beleuchtet Innovationen und Herausforderungen, vereint etablierte Expertinnen und Experten mit Nachwuchstalenten und schafft so ein Forum f\u00fcr den deutschsprachigen Austausch im Dreil\u00e4ndereck.<\/p>\n<p><a href=\"mailto:office@r3-imaging.org\" target=\"_blank\" rel=\"noopener noreferrer\">Kontakt<\/a><\/p>\n<p><a href=\"https:\/\/www.r3-imaging.org\/\" target=\"_blank\" rel=\"noopener noreferrer\">Website<\/a><\/p>\n","protected":false},"author":5,"featured_media":-1,"menu_order":0,"comment_status":"open","ping_status":"closed","template":"","meta":{"_acf_changed":false,"_et_pb_use_builder":"","_et_pb_old_content":"","_et_gb_content_width":"","inline_featured_image":false},"tags":[],"event_type":[],"event_type_2":[],"class_list":["post-19613","ajde_events","type-ajde_events","status-publish","has-post-thumbnail","hentry","event_location-bodenseeforum-konstanz","event_organizer-r3-imaging"],"acf":[],"yoast_head":"<!-- This site is optimized with the Yoast SEO plugin v27.5 - https:\/\/yoast.com\/product\/yoast-seo-wordpress\/ -->\n<title>R3 Imaging 2026 - Schweizerische Gesellschaft f\u00fcr Radiologie<\/title>\n<meta name=\"robots\" content=\"index, follow, max-snippet:-1, max-image-preview:large, max-video-preview:-1\" \/>\n<link rel=\"canonical\" href=\"https:\/\/sgr-ssr.ch\/fr\/events\/r3-imaging-2026\/\" \/>\n<meta property=\"og:locale\" content=\"fr_FR\" \/>\n<meta property=\"og:type\" content=\"article\" \/>\n<meta property=\"og:title\" content=\"R3 Imaging 2026 - Schweizerische Gesellschaft f\u00fcr Radiologie\" \/>\n<meta property=\"og:description\" content=\"R3 steht f\u00fcr einen kompakten \u00dcberblick \u00fcber die aktuellen Entwicklungen des Fachgebiets Radiologie, beleuchtet Innovationen und Herausforderungen, vereint etablierte Expertinnen und Experten mit Nachwuchstalenten und schafft so ein Forum f\u00fcr den deutschsprachigen Austausch im Dreil\u00e4ndereck. Kontakt Website\" \/>\n<meta property=\"og:url\" content=\"https:\/\/sgr-ssr.ch\/fr\/events\/r3-imaging-2026\/\" \/>\n<meta property=\"og:site_name\" content=\"Schweizerische Gesellschaft f\u00fcr Radiologie\" \/>\n<meta property=\"article:modified_time\" content=\"2026-04-15T14:14:35+00:00\" \/>\n<meta name=\"twitter:card\" content=\"summary_large_image\" \/>\n<script type=\"application\/ld+json\" class=\"yoast-schema-graph\">{\"@context\":\"https:\\\/\\\/schema.org\",\"@graph\":[{\"@type\":\"WebPage\",\"@id\":\"https:\\\/\\\/sgr-ssr.ch\\\/fr\\\/events\\\/r3-imaging-2026\\\/\",\"url\":\"https:\\\/\\\/sgr-ssr.ch\\\/fr\\\/events\\\/r3-imaging-2026\\\/\",\"name\":\"R3 Imaging 2026 - Schweizerische Gesellschaft f\u00fcr Radiologie\",\"isPartOf\":{\"@id\":\"https:\\\/\\\/sgr-ssr.ch\\\/#website\"},\"datePublished\":\"2026-04-15T13:57:05+00:00\",\"dateModified\":\"2026-04-15T14:14:35+00:00\",\"breadcrumb\":{\"@id\":\"https:\\\/\\\/sgr-ssr.ch\\\/fr\\\/events\\\/r3-imaging-2026\\\/#breadcrumb\"},\"inLanguage\":\"fr-FR\",\"potentialAction\":[{\"@type\":\"ReadAction\",\"target\":[\"https:\\\/\\\/sgr-ssr.ch\\\/fr\\\/events\\\/r3-imaging-2026\\\/\"]}]},{\"@type\":\"BreadcrumbList\",\"@id\":\"https:\\\/\\\/sgr-ssr.ch\\\/fr\\\/events\\\/r3-imaging-2026\\\/#breadcrumb\",\"itemListElement\":[{\"@type\":\"ListItem\",\"position\":1,\"name\":\"Home\",\"item\":\"https:\\\/\\\/sgr-ssr.ch\\\/fr\\\/\"},{\"@type\":\"ListItem\",\"position\":2,\"name\":\"Events\",\"item\":\"https:\\\/\\\/sgr-ssr.ch\\\/fr\\\/events\\\/\"},{\"@type\":\"ListItem\",\"position\":3,\"name\":\"R3 Imaging 2026\"}]},{\"@type\":\"WebSite\",\"@id\":\"https:\\\/\\\/sgr-ssr.ch\\\/#website\",\"url\":\"https:\\\/\\\/sgr-ssr.ch\\\/\",\"name\":\"Schweizerische Gesellschaft f\u00fcr Radiologie\",\"description\":\"Just another WordPress site\",\"potentialAction\":[{\"@type\":\"SearchAction\",\"target\":{\"@type\":\"EntryPoint\",\"urlTemplate\":\"https:\\\/\\\/sgr-ssr.ch\\\/?s={search_term_string}\"},\"query-input\":{\"@type\":\"PropertyValueSpecification\",\"valueRequired\":true,\"valueName\":\"search_term_string\"}}],\"inLanguage\":\"fr-FR\"}]}<\/script>\n<!-- \/ Yoast SEO plugin. -->","yoast_head_json":{"title":"R3 Imaging 2026 - Schweizerische Gesellschaft f\u00fcr Radiologie","robots":{"index":"index","follow":"follow","max-snippet":"max-snippet:-1","max-image-preview":"max-image-preview:large","max-video-preview":"max-video-preview:-1"},"canonical":"https:\/\/sgr-ssr.ch\/fr\/events\/r3-imaging-2026\/","og_locale":"fr_FR","og_type":"article","og_title":"R3 Imaging 2026 - Schweizerische Gesellschaft f\u00fcr Radiologie","og_description":"R3 steht f\u00fcr einen kompakten \u00dcberblick \u00fcber die aktuellen Entwicklungen des Fachgebiets Radiologie, beleuchtet Innovationen und Herausforderungen, vereint etablierte Expertinnen und Experten mit Nachwuchstalenten und schafft so ein Forum f\u00fcr den deutschsprachigen Austausch im Dreil\u00e4ndereck. Kontakt Website","og_url":"https:\/\/sgr-ssr.ch\/fr\/events\/r3-imaging-2026\/","og_site_name":"Schweizerische Gesellschaft f\u00fcr Radiologie","article_modified_time":"2026-04-15T14:14:35+00:00","twitter_card":"summary_large_image","schema":{"@context":"https:\/\/schema.org","@graph":[{"@type":"WebPage","@id":"https:\/\/sgr-ssr.ch\/fr\/events\/r3-imaging-2026\/","url":"https:\/\/sgr-ssr.ch\/fr\/events\/r3-imaging-2026\/","name":"R3 Imaging 2026 - Schweizerische Gesellschaft f\u00fcr Radiologie","isPartOf":{"@id":"https:\/\/sgr-ssr.ch\/#website"},"datePublished":"2026-04-15T13:57:05+00:00","dateModified":"2026-04-15T14:14:35+00:00","breadcrumb":{"@id":"https:\/\/sgr-ssr.ch\/fr\/events\/r3-imaging-2026\/#breadcrumb"},"inLanguage":"fr-FR","potentialAction":[{"@type":"ReadAction","target":["https:\/\/sgr-ssr.ch\/fr\/events\/r3-imaging-2026\/"]}]},{"@type":"BreadcrumbList","@id":"https:\/\/sgr-ssr.ch\/fr\/events\/r3-imaging-2026\/#breadcrumb","itemListElement":[{"@type":"ListItem","position":1,"name":"Home","item":"https:\/\/sgr-ssr.ch\/fr\/"},{"@type":"ListItem","position":2,"name":"Events","item":"https:\/\/sgr-ssr.ch\/fr\/events\/"},{"@type":"ListItem","position":3,"name":"R3 Imaging 2026"}]},{"@type":"WebSite","@id":"https:\/\/sgr-ssr.ch\/#website","url":"https:\/\/sgr-ssr.ch\/","name":"Schweizerische Gesellschaft f\u00fcr Radiologie","description":"Just another WordPress site","potentialAction":[{"@type":"SearchAction","target":{"@type":"EntryPoint","urlTemplate":"https:\/\/sgr-ssr.ch\/?s={search_term_string}"},"query-input":{"@type":"PropertyValueSpecification","valueRequired":true,"valueName":"search_term_string"}}],"inLanguage":"fr-FR"}]}},"_links":{"self":[{"href":"https:\/\/sgr-ssr.ch\/fr\/wp-json\/wp\/v2\/ajde_events\/19613","targetHints":{"allow":["GET"]}}],"collection":[{"href":"https:\/\/sgr-ssr.ch\/fr\/wp-json\/wp\/v2\/ajde_events"}],"about":[{"href":"https:\/\/sgr-ssr.ch\/fr\/wp-json\/wp\/v2\/types\/ajde_events"}],"author":[{"embeddable":true,"href":"https:\/\/sgr-ssr.ch\/fr\/wp-json\/wp\/v2\/users\/5"}],"replies":[{"embeddable":true,"href":"https:\/\/sgr-ssr.ch\/fr\/wp-json\/wp\/v2\/comments?post=19613"}],"wp:featuredmedia":[{"embeddable":true,"href":"https:\/\/sgr-ssr.ch\/fr\/wp-json\/"}],"wp:attachment":[{"href":"https:\/\/sgr-ssr.ch\/fr\/wp-json\/wp\/v2\/media?parent=19613"}],"wp:term":[{"taxonomy":"post_tag","embeddable":true,"href":"https:\/\/sgr-ssr.ch\/fr\/wp-json\/wp\/v2\/tags?post=19613"},{"taxonomy":"event_type","embeddable":true,"href":"https:\/\/sgr-ssr.ch\/fr\/wp-json\/wp\/v2\/event_type?post=19613"},{"taxonomy":"event_type_2","embeddable":true,"href":"https:\/\/sgr-ssr.ch\/fr\/wp-json\/wp\/v2\/event_type_2?post=19613"}],"curies":[{"name":"wp","href":"https:\/\/api.w.org\/{rel}","templated":true}]}}